{"id":157,"date":"2024-08-11T15:14:55","date_gmt":"2024-08-11T13:14:55","guid":{"rendered":"https:\/\/association-lumena.fr\/?page_id=157"},"modified":"2024-08-11T19:39:11","modified_gmt":"2024-08-11T17:39:11","slug":"tea-coffee-therapie","status":"publish","type":"page","link":"https:\/\/association-lumena.fr\/index.php\/tea-coffee-therapie\/","title":{"rendered":"Tea &#038; Coffee Th\u00e9rapie"},"content":{"rendered":"<div class=\"wp-block-image\">\n<figure class=\"aligncenter size-large\"><img loading=\"lazy\" decoding=\"async\" width=\"1024\" height=\"615\" src=\"https:\/\/association-lumena.fr\/wp-content\/uploads\/2024\/08\/8-1024x615.png\" alt=\"\" class=\"wp-image-200\" srcset=\"https:\/\/association-lumena.fr\/wp-content\/uploads\/2024\/08\/8-1024x615.png 1024w, https:\/\/association-lumena.fr\/wp-content\/uploads\/2024\/08\/8-300x180.png 300w, https:\/\/association-lumena.fr\/wp-content\/uploads\/2024\/08\/8-768x461.png 768w, https:\/\/association-lumena.fr\/wp-content\/uploads\/2024\/08\/8.png 1333w\" sizes=\"auto, (max-width: 706px) 89vw, (max-width: 767px) 82vw, 740px\" \/><\/figure>\n<\/div>\n\n\n<p class=\"has-medium-font-size\"><strong>Welcome dans l&rsquo;espace qui correspond aux instants rencontres !<\/strong><\/p>\n\n\n\n<p class=\"has-small-font-size\"><br>Ici on l\u00e2che prise, on arr\u00eate de bosser sur Soi, on accroche son plus joli smile et GOOOO pour des rendez-vous qui seront propos\u00e9s en visio et\/ou en pr\u00e9sentiel pour <strong>se rencontrer, \u00e9changer, cr\u00e9er du lien, se soutenir, cr\u00e9er des amiti\u00e9s, et partager<\/strong> des moments conviviaux. Nos <strong><em>\u201ctea &amp; coffee th\u00e9rapie\u201d<\/em><\/strong> sont l&rsquo;endroit id\u00e9al pour vous.<\/p>\n\n\n\n<p class=\"has-small-font-size\">Chaque session sera anim\u00e9e par des b\u00e9n\u00e9voles passionn\u00e9es, pr\u00eates \u00e0 faciliter les discussions et \u00e0 encourager les \u00e9changes. Nous croyons fermement que chaque rencontre est une opportunit\u00e9 d&rsquo;apprendre et de grandir ensemble.<br><br>Alors, n&rsquo;h\u00e9sitez pas \u00e0 vous joindre \u00e0 nous, \u00e0 apporter vos id\u00e9es et \u00e0 vivre des exp\u00e9riences enrichissantes.<\/p>\n\n\n\n<p class=\"has-medium-font-size\"><strong>Nous vous attendons avec impatience pour des moments de partage et de joie !<\/strong><\/p>\n\n\n\n<p class=\"has-small-font-size\">Ce RDV a lieu 1 fois par mois, les dates seront mise \u00e0 disposition en amont sur l&rsquo;onglet \u00ab\u00a0<strong>EVENTS<\/strong>\u00a0\u00bb ainsi que sur les <strong>r\u00e9seaux sociaux<\/strong> <em>(et par newsletter lorsqu&rsquo;elle sera disponible)<\/em><\/p>\n\n\n\n<figure class=\"wp-block-image size-large\"><a href=\"https:\/\/association-lumena.fr\/index.php\/inscriptions-tarifs\/\" target=\"_blank\" rel=\"noreferrer noopener\"><img loading=\"lazy\" decoding=\"async\" width=\"1024\" height=\"615\" src=\"https:\/\/association-lumena.fr\/wp-content\/uploads\/2024\/08\/17-1024x615.png\" alt=\"\" class=\"wp-image-250\" srcset=\"https:\/\/association-lumena.fr\/wp-content\/uploads\/2024\/08\/17-1024x615.png 1024w, https:\/\/association-lumena.fr\/wp-content\/uploads\/2024\/08\/17-300x180.png 300w, https:\/\/association-lumena.fr\/wp-content\/uploads\/2024\/08\/17-768x461.png 768w, https:\/\/association-lumena.fr\/wp-content\/uploads\/2024\/08\/17.png 1333w\" sizes=\"auto, (max-width: 706px) 89vw, (max-width: 767px) 82vw, 740px\" \/><\/a><\/figure>\n","protected":false},"excerpt":{"rendered":"<p>Welcome dans l&rsquo;espace qui correspond aux instants rencontres ! Ici on l\u00e2che prise, on arr\u00eate de bosser sur Soi, on accroche son plus joli smile et GOOOO pour des rendez-vous qui seront propos\u00e9s en visio et\/ou en pr\u00e9sentiel pour se rencontrer, \u00e9changer, cr\u00e9er du lien, se soutenir, cr\u00e9er des amiti\u00e9s, et partager des moments conviviaux. &hellip; <\/p>\n<p class=\"link-more\"><a href=\"https:\/\/association-lumena.fr\/index.php\/tea-coffee-therapie\/\" class=\"more-link\">Continuer la lecture<span class=\"screen-reader-text\"> de &laquo;&nbsp;Tea &#038; Coffee Th\u00e9rapie&nbsp;&raquo;<\/span><\/a><\/p>\n","protected":false},"author":1,"featured_media":0,"parent":0,"menu_order":0,"comment_status":"closed","ping_status":"closed","template":"","meta":{"footnotes":""},"class_list":["post-157","page","type-page","status-publish","hentry"],"_links":{"self":[{"href":"https:\/\/association-lumena.fr\/index.php\/wp-json\/wp\/v2\/pages\/157","targetHints":{"allow":["GET"]}}],"collection":[{"href":"https:\/\/association-lumena.fr\/index.php\/wp-json\/wp\/v2\/pages"}],"about":[{"href":"https:\/\/association-lumena.fr\/index.php\/wp-json\/wp\/v2\/types\/page"}],"author":[{"embeddable":true,"href":"https:\/\/association-lumena.fr\/index.php\/wp-json\/wp\/v2\/users\/1"}],"replies":[{"embeddable":true,"href":"https:\/\/association-lumena.fr\/index.php\/wp-json\/wp\/v2\/comments?post=157"}],"version-history":[{"count":8,"href":"https:\/\/association-lumena.fr\/index.php\/wp-json\/wp\/v2\/pages\/157\/revisions"}],"predecessor-version":[{"id":263,"href":"https:\/\/association-lumena.fr\/index.php\/wp-json\/wp\/v2\/pages\/157\/revisions\/263"}],"wp:attachment":[{"href":"https:\/\/association-lumena.fr\/index.php\/wp-json\/wp\/v2\/media?parent=157"}],"curies":[{"name":"wp","href":"https:\/\/api.w.org\/{rel}","templated":true}]}}